{"id":20,"date":"2021-10-11T15:57:05","date_gmt":"2021-10-11T15:57:05","guid":{"rendered":"https:\/\/www.terres-et-chevaux.fr\/WP\/page-daccueil\/"},"modified":"2023-09-04T16:00:07","modified_gmt":"2023-09-04T14:00:07","slug":"terres-et-chevaux-boutique-design-ecuries-actives-et-equipistes-formations-agroecologie-equine-membre-de-lassociation-equi-bee","status":"publish","type":"page","link":"https:\/\/www.terres-et-chevaux.fr\/WP\/","title":{"rendered":"Terres et Chevaux &#8211; Agro-\u00e9cologie \u00e9quine"},"content":{"rendered":"<p>[vc_row][vc_column][vc_column_text]<\/p>\n<div class=\"wp-block-cover is-light\">\n<p><img loading=\"lazy\" decoding=\"async\" class=\"wp-block-cover__image-background alignnone wp-image-137 size-medium\" src=\"https:\/\/www.terres-et-chevaux.fr\/WP\/wp-content\/uploads\/2021\/10\/IMG-1-225x300.jpg\" alt=\"\" width=\"225\" height=\"300\" data-object-fit=\"cover\" srcset=\"https:\/\/www.terres-et-chevaux.fr\/WP\/wp-content\/uploads\/2021\/10\/IMG-1-225x300.jpg 225w, https:\/\/www.terres-et-chevaux.fr\/WP\/wp-content\/uploads\/2021\/10\/IMG-1-600x799.jpg 600w, https:\/\/www.terres-et-chevaux.fr\/WP\/wp-content\/uploads\/2021\/10\/IMG-1.jpg 638w\" sizes=\"auto, (max-width: 225px) 100vw, 225px\" \/><\/p>\n<div class=\"wp-block-cover__inner-container is-layout-flow wp-block-cover-is-layout-flow\">\n<p class=\"has-text-align-center has-white-color has-text-color has-large-font-size\">BIENVENUE<\/p>\n\n\n<p class=\"has-text-align-center has-white-color has-text-color\">R\u00e9servations pour nos ateliers, souscription au programme vid\u00e9o &#8220;Je cr\u00e9e mon \u00e9qui-piste&#8221;<\/p>\n\n\n<div class=\"wp-block-button aligncenter\"><a class=\"wp-block-button__link\" href=\"https:\/\/www.terres-et-chevaux.fr\/WP\/boutique\/\">Voir les prestations<\/a><\/div>\n<\/div>\n<\/div>\n<p><br \/>\n[\/vc_column_text][vc_column_text]<\/p>\n<section class=\"global-page-header\">\n<div class=\"container\">\n<div class=\"row\">\n<div class=\"col-md-12\">\n<div class=\"block\">\n<h1 style=\"text-align: center;\">Design d&#8217;\u00e9curies \u00e9co-g\u00e9r\u00e9es\u00a0<\/h1>\n<h1 style=\"text-align: center;\">Accompagnement en agro-\u00e9cologie \u00e9quine<\/h1>\n<h1 style=\"text-align: center;\">Formations et conf\u00e9rences\u00a0<\/h1>\n<p>&nbsp;<\/p>\n<\/div>\n<\/div>\n<\/div>\n<\/div>\n<\/section>\n<section class=\"fond blanc\">\n<div class=\"container\">\n<div class=\"row\">\n<div class=\"col-md-4\">\n<p><img loading=\"lazy\" decoding=\"async\" class=\"img-responsive img-full aligncenter\" src=\"https:\/\/www.terres-et-chevaux.fr\/images\/conseil\/Arpad.jpg\" alt=\"\" width=\"238\" height=\"196\" \/><\/p>\n<\/div>\n<div class=\"col-md-8\">\n<p>Concevoir le lieu de vie des chevaux dans la perspective de l&#8217;agro-\u00e9cologie, cela revient \u00e0 sortir des syst\u00e8mes conventionnels o\u00f9 l&#8217;on con\u00e7oit le cheval ind\u00e9pendamment de son milieu de vie, et o\u00f9 la pr\u00e9sence des chevaux nuit \u00e0 la terre au point o\u00f9 l&#8217;on se retrouve coinc\u00e9.e dans une bataille sans fin contre le tassement des sols, la prolif\u00e9ration des plantes adventices et toxiques, la disparition de la biodiversit\u00e9,&#8230; : tous ces d\u00e9s\u00e9quilibres qui sont nuisibles aussi bien aux terres qu&#8217;aux chevaux eux-m\u00eames, et \u00e0 tout l&#8217;ensemble de l&#8217;\u00e9cosyst\u00e8me.<\/p>\n<blockquote>\n<p><strong>Il est possible d&#8217;aller vers un syst\u00e8me p\u00e9renne et r\u00e9silient.<\/strong><\/p>\n<\/blockquote>\n<p>Pour cela, il s&#8217;agit d&#8217;abord de comprendre le fonctionnement d&#8217;un agro-\u00e9cosyst\u00e8me, puis d&#8217;envisager le cheval comme un v\u00e9ritable acteur du milieu dans lequel on l&#8217;int\u00e8gre, afin de proposer une gestion \u00e9cologiquement viable et b\u00e9n\u00e9fique.<\/p>\n<p>Plus on apprend \u00e0 utiliser et \u00e0 encourager les interactions des \u00e9l\u00e9ments du milieu (faune, flore et fonge, spontan\u00e9e ou int\u00e9gr\u00e9e), plus on cheminera vers une gestion \u00e9quilibr\u00e9e et positive pour la terre et les chevaux. L&#8217;objectif de TERRES ET CHEVAUX est de d\u00e9velopper la connaissance de ces interactions possibles, pour se diriger vers un point d&#8217;\u00e9quilibre de l&#8217;\u00e9cosyst\u00e8me dans lequel vivent les chevaux.<\/p>\n<\/div>\n<\/div>\n<\/div>\n<\/section>\n<p>[\/vc_column_text][vc_column_text]<\/p>\n<h2 style=\"text-align: center;\">Prestations\u00a0<\/h2>\n<p>&nbsp;<\/p>\n<div data-block-name=\"woocommerce\/product-new\" data-content-visibility=\"{&quot;title&quot;:true,&quot;price&quot;:true,&quot;rating&quot;:false,&quot;button&quot;:true}\" class=\"wc-block-grid wp-block-product-new wp-block-woocommerce-product-new wc-block-product-new has-3-columns has-multiple-rows\"><ul class=\"wc-block-grid__products\"><li class=\"wc-block-grid__product\">\n\t\t\t\t<a href=\"https:\/\/www.terres-et-chevaux.fr\/WP\/produit\/academie-de-lhabitat-equin\/\" class=\"wc-block-grid__product-link\">\n\t\t\t\t\t\n\t\t\t\t\t<div class=\"wc-block-grid__product-image\"><img loading=\"lazy\" decoding=\"async\" width=\"300\" height=\"300\" src=\"https:\/\/www.terres-et-chevaux.fr\/WP\/wp-content\/uploads\/2025\/10\/Capture-decran-2025-10-02-a-18.10.01-300x300.png\" class=\"attachment-woocommerce_thumbnail size-woocommerce_thumbnail\" alt=\"Acad\u00e9mie de l&#039;Habitat \u00c9quin\" srcset=\"https:\/\/www.terres-et-chevaux.fr\/WP\/wp-content\/uploads\/2025\/10\/Capture-decran-2025-10-02-a-18.10.01-300x300.png 300w, https:\/\/www.terres-et-chevaux.fr\/WP\/wp-content\/uploads\/2025\/10\/Capture-decran-2025-10-02-a-18.10.01-150x150.png 150w, https:\/\/www.terres-et-chevaux.fr\/WP\/wp-content\/uploads\/2025\/10\/Capture-decran-2025-10-02-a-18.10.01-100x100.png 100w\" sizes=\"auto, (max-width: 300px) 100vw, 300px\" \/><\/div>\n\t\t\t\t\t<div class=\"wc-block-grid__product-title\">L&#8217;Acad\u00e9mie de l&#8217;Habitat \u00c9quin<\/div>\n\t\t\t\t<\/a>\n\t\t\t\t<div class=\"wc-block-grid__product-price price\"><del aria-hidden=\"true\"><span class=\"woocommerce-Price-amount amount\">780,00&nbsp;<span class=\"woocommerce-Price-currencySymbol\">&euro;<\/span><\/span><\/del> <span class=\"screen-reader-text\">Le prix initial \u00e9tait\u00a0: 780,00&nbsp;&euro;.<\/span><ins aria-hidden=\"true\"><span class=\"woocommerce-Price-amount amount\">702,00&nbsp;<span class=\"woocommerce-Price-currencySymbol\">&euro;<\/span><\/span><\/ins><span class=\"screen-reader-text\">Le prix actuel est\u00a0: 702,00&nbsp;&euro;.<\/span><\/div>\n\t\t\t\t\n\t\t\t\t<div class=\"wp-block-button wc-block-grid__product-add-to-cart\"><a href=\"\/WP\/wp-json\/wp\/v2\/pages\/20?add-to-cart=3802\" aria-label=\"En savoir plus sur &ldquo;L&#039;Acad\u00e9mie de l&#039;Habitat \u00c9quin&rdquo;\" data-quantity=\"1\" data-product_id=\"3802\" data-product_sku=\"\" data-price=\"702\" rel=\"nofollow\" class=\"wp-block-button__link  add_to_cart_button ajax_add_to_cart\">Add to cart<\/a><\/div>\n\t\t\t<\/li><li class=\"wc-block-grid__product\">\n\t\t\t\t<a href=\"https:\/\/www.terres-et-chevaux.fr\/WP\/produit\/journee-de-formation-pratique-et-ludique-que-me-dit-ma-prairie-castanet-6-octobre-2025\/\" class=\"wc-block-grid__product-link\">\n\t\t\t\t\t\n\t\t\t\t\t<div class=\"wc-block-grid__product-image\"><img loading=\"lazy\" decoding=\"async\" width=\"300\" height=\"300\" src=\"https:\/\/www.terres-et-chevaux.fr\/WP\/wp-content\/uploads\/2025\/09\/1-300x300.jpg\" class=\"attachment-woocommerce_thumbnail size-woocommerce_thumbnail\" alt=\"Journ\u00e9e de formation pratique et ludique : QUE ME DIT MA PRAIRIE ? \u2022 Castanet, 6 octobre 2025\" srcset=\"https:\/\/www.terres-et-chevaux.fr\/WP\/wp-content\/uploads\/2025\/09\/1-300x300.jpg 300w, https:\/\/www.terres-et-chevaux.fr\/WP\/wp-content\/uploads\/2025\/09\/1-150x150.jpg 150w, https:\/\/www.terres-et-chevaux.fr\/WP\/wp-content\/uploads\/2025\/09\/1-100x100.jpg 100w\" sizes=\"auto, (max-width: 300px) 100vw, 300px\" \/><\/div>\n\t\t\t\t\t<div class=\"wc-block-grid__product-title\">Journ\u00e9e de formation pratique et ludique : QUE ME DIT MA PRAIRIE ? \u2022 Castanet, 6 octobre 2025<\/div>\n\t\t\t\t<\/a>\n\t\t\t\t<div class=\"wc-block-grid__product-price price\"><\/div>\n\t\t\t\t\n\t\t\t\t<div class=\"wp-block-button wc-block-grid__product-add-to-cart\"><a href=\"https:\/\/adpsa12.catalogueformpro.com\/2\/agronomie\/2233274\/que-raconte-ma-prairie-principes-dagro-ecologie-appliquee-aux-patures-equines-adpsa12-et-terres-et-c\" aria-label=\"S&#039;inscrire\" data-quantity=\"1\" data-product_id=\"3795\" data-product_sku=\"\" data-price=\"0\" rel=\"nofollow\" class=\"wp-block-button__link  add_to_cart_button\">S&#039;inscrire<\/a><\/div>\n\t\t\t<\/li><li class=\"wc-block-grid__product\">\n\t\t\t\t<a href=\"https:\/\/www.terres-et-chevaux.fr\/WP\/produit\/journee-de-formation-pratique-et-ludique-que-me-dit-ma-prairie-aveyron-2-juin-2025\/\" class=\"wc-block-grid__product-link\">\n\t\t\t\t\t\n\t\t\t\t\t<div class=\"wc-block-grid__product-image\"><img loading=\"lazy\" decoding=\"async\" width=\"300\" height=\"300\" src=\"https:\/\/www.terres-et-chevaux.fr\/WP\/wp-content\/uploads\/2025\/04\/Capture-decran-2025-04-17-a-12.23.22-300x300.png\" class=\"attachment-woocommerce_thumbnail size-woocommerce_thumbnail\" alt=\"Journ\u00e9e de formation pratique et ludique : QUE ME DIT MA PRAIRIE ? \u2022 Aveyron, 2 juin 2025\" srcset=\"https:\/\/www.terres-et-chevaux.fr\/WP\/wp-content\/uploads\/2025\/04\/Capture-decran-2025-04-17-a-12.23.22-300x300.png 300w, https:\/\/www.terres-et-chevaux.fr\/WP\/wp-content\/uploads\/2025\/04\/Capture-decran-2025-04-17-a-12.23.22-1024x1022.png 1024w, https:\/\/www.terres-et-chevaux.fr\/WP\/wp-content\/uploads\/2025\/04\/Capture-decran-2025-04-17-a-12.23.22-150x150.png 150w, https:\/\/www.terres-et-chevaux.fr\/WP\/wp-content\/uploads\/2025\/04\/Capture-decran-2025-04-17-a-12.23.22-768x767.png 768w, https:\/\/www.terres-et-chevaux.fr\/WP\/wp-content\/uploads\/2025\/04\/Capture-decran-2025-04-17-a-12.23.22-600x599.png 600w, https:\/\/www.terres-et-chevaux.fr\/WP\/wp-content\/uploads\/2025\/04\/Capture-decran-2025-04-17-a-12.23.22-100x100.png 100w, https:\/\/www.terres-et-chevaux.fr\/WP\/wp-content\/uploads\/2025\/04\/Capture-decran-2025-04-17-a-12.23.22.png 1146w\" sizes=\"auto, (max-width: 300px) 100vw, 300px\" \/><\/div>\n\t\t\t\t\t<div class=\"wc-block-grid__product-title\">Journ\u00e9e de formation pratique et ludique : QUE ME DIT MA PRAIRIE ? \u2022 Aveyron, 2 juin 2025<\/div>\n\t\t\t\t<\/a>\n\t\t\t\t<div class=\"wc-block-grid__product-price price\"><\/div>\n\t\t\t\t\n\t\t\t\t<div class=\"wp-block-button wc-block-grid__product-add-to-cart\"><a href=\"https:\/\/adpsa12.catalogueformpro.com\/2\/agronomie\/2233274\/que-raconte-ma-prairie-principes-dagro-ecologie-appliquee-aux-patures-equines\" aria-label=\"S&#039;inscrire\" data-quantity=\"1\" data-product_id=\"3640\" data-product_sku=\"\" data-price=\"0\" rel=\"nofollow\" class=\"wp-block-button__link  add_to_cart_button\">S&#039;inscrire<\/a><\/div>\n\t\t\t<\/li><li class=\"wc-block-grid__product\">\n\t\t\t\t<a href=\"https:\/\/www.terres-et-chevaux.fr\/WP\/produit\/formation-hebergement-et-bien-etre-equin-printemps-2025-aveyron-12\/\" class=\"wc-block-grid__product-link\">\n\t\t\t\t\t\n\t\t\t\t\t<div class=\"wc-block-grid__product-image\"><img loading=\"lazy\" decoding=\"async\" width=\"300\" height=\"300\" src=\"https:\/\/www.terres-et-chevaux.fr\/WP\/wp-content\/uploads\/2025\/04\/1-Visuel-Hebergement-Aveyron-2025-300x300.jpg\" class=\"attachment-woocommerce_thumbnail size-woocommerce_thumbnail\" alt=\"Formation H\u00c9BERGEMENT ET BIEN-\u00caTRE \u00c9QUIN \u2022 Printemps 2025, Aveyron (12)\" srcset=\"https:\/\/www.terres-et-chevaux.fr\/WP\/wp-content\/uploads\/2025\/04\/1-Visuel-Hebergement-Aveyron-2025-300x300.jpg 300w, https:\/\/www.terres-et-chevaux.fr\/WP\/wp-content\/uploads\/2025\/04\/1-Visuel-Hebergement-Aveyron-2025-150x150.jpg 150w, https:\/\/www.terres-et-chevaux.fr\/WP\/wp-content\/uploads\/2025\/04\/1-Visuel-Hebergement-Aveyron-2025-768x768.jpg 768w, https:\/\/www.terres-et-chevaux.fr\/WP\/wp-content\/uploads\/2025\/04\/1-Visuel-Hebergement-Aveyron-2025-600x600.jpg 600w, https:\/\/www.terres-et-chevaux.fr\/WP\/wp-content\/uploads\/2025\/04\/1-Visuel-Hebergement-Aveyron-2025-100x100.jpg 100w, https:\/\/www.terres-et-chevaux.fr\/WP\/wp-content\/uploads\/2025\/04\/1-Visuel-Hebergement-Aveyron-2025.jpg 800w\" sizes=\"auto, (max-width: 300px) 100vw, 300px\" \/><\/div>\n\t\t\t\t\t<div class=\"wc-block-grid__product-title\">Formation H\u00c9BERGEMENT ET BIEN-\u00caTRE \u00c9QUIN \u2022 Printemps 2025, Aveyron (12)<\/div>\n\t\t\t\t<\/a>\n\t\t\t\t<div class=\"wc-block-grid__product-price price\"><\/div>\n\t\t\t\t\n\t\t\t\t<div class=\"wp-block-button wc-block-grid__product-add-to-cart\"><a href=\"https:\/\/adpsa12.catalogueformpro.com\/1\/elevage\/2223856\/je-cree-jameliore-mon-ecurie-pour-favoriser-le-bien-etre-equin\" aria-label=\"S&#039;inscrire\" data-quantity=\"1\" data-product_id=\"3608\" data-product_sku=\"\" data-price=\"0\" rel=\"nofollow\" class=\"wp-block-button__link  add_to_cart_button\">S&#039;inscrire<\/a><\/div>\n\t\t\t<\/li><li class=\"wc-block-grid__product\">\n\t\t\t\t<a href=\"https:\/\/www.terres-et-chevaux.fr\/WP\/produit\/webinaire-replay-nouveaux-systemes-dhebergement\/\" class=\"wc-block-grid__product-link\">\n\t\t\t\t\t\n\t\t\t\t\t<div class=\"wc-block-grid__product-image\"><img loading=\"lazy\" decoding=\"async\" width=\"300\" height=\"300\" src=\"https:\/\/www.terres-et-chevaux.fr\/WP\/wp-content\/uploads\/2025\/03\/Capture-decran-2025-03-06-a-14.22.15-e1763571630281-300x300.png\" class=\"attachment-woocommerce_thumbnail size-woocommerce_thumbnail\" alt=\"VID\u00c9O \u2022 Nouveaux syst\u00e8mes d&#039;h\u00e9bergement\" srcset=\"https:\/\/www.terres-et-chevaux.fr\/WP\/wp-content\/uploads\/2025\/03\/Capture-decran-2025-03-06-a-14.22.15-e1763571630281-300x300.png 300w, https:\/\/www.terres-et-chevaux.fr\/WP\/wp-content\/uploads\/2025\/03\/Capture-decran-2025-03-06-a-14.22.15-e1763571630281-150x150.png 150w, https:\/\/www.terres-et-chevaux.fr\/WP\/wp-content\/uploads\/2025\/03\/Capture-decran-2025-03-06-a-14.22.15-e1763571630281-100x100.png 100w\" sizes=\"auto, (max-width: 300px) 100vw, 300px\" \/><\/div>\n\t\t\t\t\t<div class=\"wc-block-grid__product-title\">VID\u00c9O \u2022 Nouveaux syst\u00e8mes d&#8217;h\u00e9bergement<\/div>\n\t\t\t\t<\/a>\n\t\t\t\t<div class=\"wc-block-grid__product-price price\"><span class=\"woocommerce-Price-amount amount\">21,00&nbsp;<span class=\"woocommerce-Price-currencySymbol\">&euro;<\/span><\/span><\/div>\n\t\t\t\t\n\t\t\t\t<div class=\"wp-block-button wc-block-grid__product-add-to-cart\"><a href=\"\/WP\/wp-json\/wp\/v2\/pages\/20?add-to-cart=3492\" aria-label=\"Ajouter au panier\u00a0: &ldquo;VID\u00c9O \u2022 Nouveaux syst\u00e8mes d&#039;h\u00e9bergement&rdquo;\" data-quantity=\"1\" data-product_id=\"3492\" data-product_sku=\"WebH\u00e9bergement\" data-price=\"21\" rel=\"nofollow\" class=\"wp-block-button__link  add_to_cart_button ajax_add_to_cart\">Ajouter au panier<\/a><\/div>\n\t\t\t<\/li><li class=\"wc-block-grid__product\">\n\t\t\t\t<a href=\"https:\/\/www.terres-et-chevaux.fr\/WP\/produit\/formation-gestion-des-prairies-printemps-2025-aveyron\/\" class=\"wc-block-grid__product-link\">\n\t\t\t\t\t\n\t\t\t\t\t<div class=\"wc-block-grid__product-image\"><img loading=\"lazy\" decoding=\"async\" width=\"300\" height=\"300\" src=\"https:\/\/www.terres-et-chevaux.fr\/WP\/wp-content\/uploads\/2025\/02\/1-General-300x300.png\" class=\"attachment-woocommerce_thumbnail size-woocommerce_thumbnail\" alt=\"Formation GESTION DES PRAIRIES \u2022 Printemps 2025 \u2022 Aveyron\" srcset=\"https:\/\/www.terres-et-chevaux.fr\/WP\/wp-content\/uploads\/2025\/02\/1-General-300x300.png 300w, https:\/\/www.terres-et-chevaux.fr\/WP\/wp-content\/uploads\/2025\/02\/1-General-1024x1022.png 1024w, https:\/\/www.terres-et-chevaux.fr\/WP\/wp-content\/uploads\/2025\/02\/1-General-150x150.png 150w, https:\/\/www.terres-et-chevaux.fr\/WP\/wp-content\/uploads\/2025\/02\/1-General-768x767.png 768w, https:\/\/www.terres-et-chevaux.fr\/WP\/wp-content\/uploads\/2025\/02\/1-General-600x599.png 600w, https:\/\/www.terres-et-chevaux.fr\/WP\/wp-content\/uploads\/2025\/02\/1-General-100x100.png 100w, https:\/\/www.terres-et-chevaux.fr\/WP\/wp-content\/uploads\/2025\/02\/1-General.png 1234w\" sizes=\"auto, (max-width: 300px) 100vw, 300px\" \/><\/div>\n\t\t\t\t\t<div class=\"wc-block-grid__product-title\">Formation GESTION DES PRAIRIES \u2022 Printemps 2025 \u2022 Aveyron<\/div>\n\t\t\t\t<\/a>\n\t\t\t\t<div class=\"wc-block-grid__product-price price\"><\/div>\n\t\t\t\t\n\t\t\t\t<div class=\"wp-block-button wc-block-grid__product-add-to-cart\"><a href=\"https:\/\/adpsa12.catalogueformpro.com\/1\/elevage\/2149093\/gerer-ses-prairies-equines-en-agro-ecologie-pour-securiser-sa-production-fourragere-face-aux-aleas-c\" aria-label=\"S&#039;inscrire\" data-quantity=\"1\" data-product_id=\"3483\" data-product_sku=\"\" data-price=\"0\" rel=\"nofollow\" class=\"wp-block-button__link  add_to_cart_button\">S&#039;inscrire<\/a><\/div>\n\t\t\t<\/li><li class=\"wc-block-grid__product\">\n\t\t\t\t<a href=\"https:\/\/www.terres-et-chevaux.fr\/WP\/produit\/formation-hebergement-et-bien-etre-equin-mars-2025-drome-26\/\" class=\"wc-block-grid__product-link\">\n\t\t\t\t\t\n\t\t\t\t\t<div class=\"wc-block-grid__product-image\"><img loading=\"lazy\" decoding=\"async\" width=\"300\" height=\"300\" src=\"https:\/\/www.terres-et-chevaux.fr\/WP\/wp-content\/uploads\/2025\/01\/Capture-decran-2025-01-09-a-16.54.10-300x300.png\" class=\"attachment-woocommerce_thumbnail size-woocommerce_thumbnail\" alt=\"Formation H\u00c9BERGEMENT ET BIEN-\u00caTRE \u00c9QUIN \u2022 Mars 2025, Dr\u00f4me (26)\" srcset=\"https:\/\/www.terres-et-chevaux.fr\/WP\/wp-content\/uploads\/2025\/01\/Capture-decran-2025-01-09-a-16.54.10-300x300.png 300w, https:\/\/www.terres-et-chevaux.fr\/WP\/wp-content\/uploads\/2025\/01\/Capture-decran-2025-01-09-a-16.54.10-150x150.png 150w, https:\/\/www.terres-et-chevaux.fr\/WP\/wp-content\/uploads\/2025\/01\/Capture-decran-2025-01-09-a-16.54.10-768x765.png 768w, https:\/\/www.terres-et-chevaux.fr\/WP\/wp-content\/uploads\/2025\/01\/Capture-decran-2025-01-09-a-16.54.10-600x597.png 600w, https:\/\/www.terres-et-chevaux.fr\/WP\/wp-content\/uploads\/2025\/01\/Capture-decran-2025-01-09-a-16.54.10-100x100.png 100w, https:\/\/www.terres-et-chevaux.fr\/WP\/wp-content\/uploads\/2025\/01\/Capture-decran-2025-01-09-a-16.54.10.png 924w\" sizes=\"auto, (max-width: 300px) 100vw, 300px\" \/><\/div>\n\t\t\t\t\t<div class=\"wc-block-grid__product-title\">Formation H\u00c9BERGEMENT ET BIEN-\u00caTRE \u00c9QUIN \u2022 Mars 2025, Dr\u00f4me (26)<\/div>\n\t\t\t\t<\/a>\n\t\t\t\t<div class=\"wc-block-grid__product-price price\"><\/div>\n\t\t\t\t\n\t\t\t\t<div class=\"wp-block-button wc-block-grid__product-add-to-cart\"><a href=\"https:\/\/adpsa12.catalogueformpro.com\/1\/elevage\/2074360\/ameliorer-son-systeme-dhebergement-pour-favoriser-le-bien-etre-equin\" aria-label=\"S&#039;inscrire\" data-quantity=\"1\" data-product_id=\"3358\" data-product_sku=\"\" data-price=\"0\" rel=\"nofollow\" class=\"wp-block-button__link  add_to_cart_button\">S&#039;inscrire<\/a><\/div>\n\t\t\t<\/li><li class=\"wc-block-grid__product\">\n\t\t\t\t<a href=\"https:\/\/www.terres-et-chevaux.fr\/WP\/produit\/formation-gestion-des-prairies-18-19-janvier-2025-die-26\/\" class=\"wc-block-grid__product-link\">\n\t\t\t\t\t\n\t\t\t\t\t<div class=\"wc-block-grid__product-image\"><img loading=\"lazy\" decoding=\"async\" width=\"300\" height=\"300\" src=\"https:\/\/www.terres-et-chevaux.fr\/WP\/wp-content\/uploads\/2024\/10\/Visuel-stage-Drome-2025-01-300x300.png\" class=\"attachment-woocommerce_thumbnail size-woocommerce_thumbnail\" alt=\"Formation GESTION DES PRAIRIES \u2022 18-19 janvier 2025 \u2022 Die (26)\" srcset=\"https:\/\/www.terres-et-chevaux.fr\/WP\/wp-content\/uploads\/2024\/10\/Visuel-stage-Drome-2025-01-300x300.png 300w, https:\/\/www.terres-et-chevaux.fr\/WP\/wp-content\/uploads\/2024\/10\/Visuel-stage-Drome-2025-01-1024x1024.png 1024w, https:\/\/www.terres-et-chevaux.fr\/WP\/wp-content\/uploads\/2024\/10\/Visuel-stage-Drome-2025-01-150x150.png 150w, https:\/\/www.terres-et-chevaux.fr\/WP\/wp-content\/uploads\/2024\/10\/Visuel-stage-Drome-2025-01-768x769.png 768w, https:\/\/www.terres-et-chevaux.fr\/WP\/wp-content\/uploads\/2024\/10\/Visuel-stage-Drome-2025-01-1534x1536.png 1534w, https:\/\/www.terres-et-chevaux.fr\/WP\/wp-content\/uploads\/2024\/10\/Visuel-stage-Drome-2025-01-600x601.png 600w, https:\/\/www.terres-et-chevaux.fr\/WP\/wp-content\/uploads\/2024\/10\/Visuel-stage-Drome-2025-01-100x100.png 100w, https:\/\/www.terres-et-chevaux.fr\/WP\/wp-content\/uploads\/2024\/10\/Visuel-stage-Drome-2025-01.png 1596w\" sizes=\"auto, (max-width: 300px) 100vw, 300px\" \/><\/div>\n\t\t\t\t\t<div class=\"wc-block-grid__product-title\">Formation GESTION DES PRAIRIES \u2022 18-19 janvier 2025 \u2022 Die (26)<\/div>\n\t\t\t\t<\/a>\n\t\t\t\t<div class=\"wc-block-grid__product-price price\"><span class=\"woocommerce-Price-amount amount\" aria-hidden=\"true\">0,00&nbsp;<span class=\"woocommerce-Price-currencySymbol\">&euro;<\/span><\/span> <span aria-hidden=\"true\">\u00a0\u2013\u00a0<\/span> <span class=\"woocommerce-Price-amount amount\" aria-hidden=\"true\">135,00&nbsp;<span class=\"woocommerce-Price-currencySymbol\">&euro;<\/span><\/span><span class=\"screen-reader-text\">Plage de prix\u00a0: 0,00&nbsp;&euro; \u00e0 135,00&nbsp;&euro;<\/span><\/div>\n\t\t\t\t\n\t\t\t\t<div class=\"wp-block-button wc-block-grid__product-add-to-cart\"><a href=\"https:\/\/www.terres-et-chevaux.fr\/WP\/produit\/formation-gestion-des-prairies-18-19-janvier-2025-die-26\/\" aria-label=\"S\u00e9lectionner les options pour &ldquo;Formation GESTION DES PRAIRIES \u2022 18-19 janvier 2025 \u2022 Die (26)&rdquo;\" data-quantity=\"1\" data-product_id=\"2985\" data-product_sku=\"\" data-price=\"0\" rel=\"nofollow\" class=\"wp-block-button__link  add_to_cart_button\">Choix des options<\/a><\/div>\n\t\t\t<\/li><li class=\"wc-block-grid__product\">\n\t\t\t\t<a href=\"https:\/\/www.terres-et-chevaux.fr\/WP\/produit\/webinaire-replay-lembroussaillement\/\" class=\"wc-block-grid__product-link\">\n\t\t\t\t\t\n\t\t\t\t\t<div class=\"wc-block-grid__product-image\"><img loading=\"lazy\" decoding=\"async\" width=\"300\" height=\"300\" src=\"https:\/\/www.terres-et-chevaux.fr\/WP\/wp-content\/uploads\/2023\/03\/Capture-decran-2023-08-10-a-15.55.43-e1763572002702-300x300.png\" class=\"attachment-woocommerce_thumbnail size-woocommerce_thumbnail\" alt=\"WEBINAIRE + REPLAY \u2022 L\u2019embroussaillement\" srcset=\"https:\/\/www.terres-et-chevaux.fr\/WP\/wp-content\/uploads\/2023\/03\/Capture-decran-2023-08-10-a-15.55.43-e1763572002702-300x300.png 300w, https:\/\/www.terres-et-chevaux.fr\/WP\/wp-content\/uploads\/2023\/03\/Capture-decran-2023-08-10-a-15.55.43-e1763572002702-150x150.png 150w, https:\/\/www.terres-et-chevaux.fr\/WP\/wp-content\/uploads\/2023\/03\/Capture-decran-2023-08-10-a-15.55.43-e1763572002702-100x100.png 100w\" sizes=\"auto, (max-width: 300px) 100vw, 300px\" \/><\/div>\n\t\t\t\t\t<div class=\"wc-block-grid__product-title\">WEBINAIRE + REPLAY \u2022 L\u2019embroussaillement<\/div>\n\t\t\t\t<\/a>\n\t\t\t\t<div class=\"wc-block-grid__product-price price\"><span class=\"woocommerce-Price-amount amount\">21,00&nbsp;<span class=\"woocommerce-Price-currencySymbol\">&euro;<\/span><\/span><\/div>\n\t\t\t\t\n\t\t\t\t<div class=\"wp-block-button wc-block-grid__product-add-to-cart\"><a href=\"https:\/\/www.terres-et-chevaux.fr\/WP\/produit\/webinaire-replay-lembroussaillement\/\" aria-label=\"En savoir plus sur &ldquo;WEBINAIRE + REPLAY \u2022 L\u2019embroussaillement&rdquo;\" data-quantity=\"1\" data-product_id=\"1834\" data-product_sku=\"WebEmbroussaillement\" data-price=\"21\" rel=\"nofollow\" class=\"wp-block-button__link  add_to_cart_button\">Lire la suite<\/a><\/div>\n\t\t\t<\/li><\/ul><\/div>\n\n<p>&nbsp;<\/p>\n<p>[\/vc_column_text][\/vc_column][\/vc_row]<\/p>\n","protected":false},"excerpt":{"rendered":"<p>[vc_row][vc_column][vc_column_text]<\/p>\n","protected":false},"author":1,"featured_media":0,"parent":0,"menu_order":0,"comment_status":"closed","ping_status":"closed","template":"","meta":{"neve_meta_sidebar":"","neve_meta_container":"","neve_meta_enable_content_width":"off","neve_meta_content_width":100,"neve_meta_title_alignment":"","neve_meta_author_avatar":"","neve_post_elements_order":"","neve_meta_disable_header":"","neve_meta_disable_footer":"","neve_meta_disable_title":"","neve_meta_reading_time":"","_price":"","_stock":"","_tribe_ticket_header":"","_tribe_default_ticket_provider":"","_tribe_ticket_capacity":"","_ticket_start_date":"","_ticket_end_date":"","_tribe_ticket_show_description":"","_tribe_ticket_show_not_going":false,"_tribe_ticket_use_global_stock":"","_tribe_ticket_global_stock_level":"","_global_stock_mode":"","_global_stock_cap":"","_tribe_rsvp_for_event":"","_tribe_ticket_going_count":"","_tribe_ticket_not_going_count":"","_tribe_tickets_list":"[]","_tribe_ticket_has_attendee_info_fields":false,"footnotes":""},"class_list":["post-20","page","type-page","status-publish","hentry"],"_links":{"self":[{"href":"https:\/\/www.terres-et-chevaux.fr\/WP\/wp-json\/wp\/v2\/pages\/20","targetHints":{"allow":["GET"]}}],"collection":[{"href":"https:\/\/www.terres-et-chevaux.fr\/WP\/wp-json\/wp\/v2\/pages"}],"about":[{"href":"https:\/\/www.terres-et-chevaux.fr\/WP\/wp-json\/wp\/v2\/types\/page"}],"author":[{"embeddable":true,"href":"https:\/\/www.terres-et-chevaux.fr\/WP\/wp-json\/wp\/v2\/users\/1"}],"replies":[{"embeddable":true,"href":"https:\/\/www.terres-et-chevaux.fr\/WP\/wp-json\/wp\/v2\/comments?post=20"}],"version-history":[{"count":9,"href":"https:\/\/www.terres-et-chevaux.fr\/WP\/wp-json\/wp\/v2\/pages\/20\/revisions"}],"predecessor-version":[{"id":2150,"href":"https:\/\/www.terres-et-chevaux.fr\/WP\/wp-json\/wp\/v2\/pages\/20\/revisions\/2150"}],"wp:attachment":[{"href":"https:\/\/www.terres-et-chevaux.fr\/WP\/wp-json\/wp\/v2\/media?parent=20"}],"curies":[{"name":"wp","href":"https:\/\/api.w.org\/{rel}","templated":true}]}}