{"id":3608,"date":"2025-04-02T17:58:30","date_gmt":"2025-04-02T15:58:30","guid":{"rendered":"https:\/\/www.terres-et-chevaux.fr\/WP\/?post_type=product&#038;p=3608"},"modified":"2025-09-09T18:16:30","modified_gmt":"2025-09-09T16:16:30","slug":"formation-hebergement-et-bien-etre-equin-printemps-2025-aveyron-12","status":"publish","type":"product","link":"https:\/\/www.terres-et-chevaux.fr\/WP\/produit\/formation-hebergement-et-bien-etre-equin-printemps-2025-aveyron-12\/","title":{"rendered":"Formation H\u00c9BERGEMENT ET BIEN-\u00caTRE \u00c9QUIN \u2022 Printemps 2025, Aveyron (12)"},"content":{"rendered":"<p style=\"text-align: center;\"><strong>FORMATION MIXTE DIGITALE\/PR\u00c9SENTIELLE<\/strong><\/p>\n<p style=\"text-align: center;\">Dur\u00e9e totale 24 heures<br \/>\n<strong>Du 16 mai au 17 juillet 2025\u00a0<\/strong><\/p>\n<p style=\"text-align: center;\">Dont 14h en pr\u00e9sentiel<br \/>\n<strong>Les 16 et 17 juin 2025 \u00e0 Villefranche-de-Rouergue (Aveyron, 12)\u00a0<\/strong><\/p>\n<h1>Pr\u00e9sentation de la formation<\/h1>\n<div class=\"page\" title=\"Page 2\">\n<div class=\"layoutArea\">\n<div class=\"column\">\n<p>Dans le contexte actuel de recherche du bien-e\u0302tre animal, il est essentiel d&#8217;ame\u0301liorer nos syste\u0300mes d&#8217;he\u0301bergement afin de r\u00e9pondre aux diffe\u0301rentes mesures de la <em>Charte pour le bien-e\u0302tre e\u0301quin<\/em>\u00a9.<\/p>\n<p>Or, nous sommes pour la plupart habitu\u00e9s a\u0300 loger les chevaux selon des me\u0301thodes traditionnelles mais obsole\u0300tes, dont la science a montr\u00e9 de\u0301sormais qu&#8217;elles ne permettent pas de re\u0301pondre aux besoins fondamentaux de l&#8217;espe\u0300ce ; en outre, les syste\u0300mes d&#8217;he\u0301bergement e\u0301mergents, qui non seulement facilitent le bien-e\u0302tre des chevaux, mais qui visent e\u0301galement a\u0300 alle\u0301ger la charge de travail ainsi qu&#8217;a\u0300 pre\u0301server les e\u0301cosyste\u0300mes, souffrent de beaucoup d&#8217;<em>a priori<\/em> et de m\u00e9connaissance de la part du public.<\/p>\n<p>Cette formation a pour but d&#8217;initier aux nouveaux syste\u0300mes d&#8217;he\u0301bergement e\u0301quins : pre\u0301sentation de\u0301taille\u0301e de la <em>Charte pour le bien-e\u0302tre e\u0301quin<\/em>\u00a9 et d&#8217;outils d&#8217;auto-e\u0301valuation, apport de connaissances de\u0301taille\u0301es sur les diffe\u0301rentes fac\u0327ons de faciliter le bien-e\u0302tre a\u0300 l&#8217;aide d&#8217;ame\u0301nagements du lieu de vie des chevaux (distribution alimentaire, contacts sociaux, confort, se\u0301curite\u0301, mouvement et exploration, protection des sols et stabilisation, etc.), afin de choisir, puis de concevoir un programme d\u00e9taill\u00e9 et raisonn\u00e9 des am\u00e9liorations que l&#8217;on souhaite pr\u00e9voir sur sa structure (pour les professionnels ou les particuliers).<\/p>\n<h1>Objectifs de la formation<\/h1>\n<div class=\"page\" title=\"Page 2\">\n<div class=\"layoutArea\">\n<div class=\"column\">\n<ol>\n<li>De\u0301velopper ses connaissances en matie\u0300re de bien-e\u0302tre e\u0301quin en ge\u0301ne\u0301ral, et l&#8217;application aux syste\u0300mes d&#8217;he\u0301bergement, afin de garantir la bien-traitance des chevaux ;<\/li>\n<li>E\u0302tre capable d&#8217;adapter son syste\u0300me d&#8217;he\u0301bergement aux besoins des chevaux pour aller vers davantage de bien-\u00eatre, tout en optimisant sa charge de travail et en pre\u0301servant l&#8217;environnement : se fixer des objectifs a\u0300 atteindre, concevoir une feuille de route pour les ame\u0301liorations a\u0300 envisager a\u0300 court, moyen et long termes ;<\/li>\n<li>Savoir comment expliquer sa de\u0301marche aupre\u0300s de la cliente\u0300le pour la pre\u0301senter de manie\u0300re efficace et convaincante.<\/li>\n<\/ol>\n<h1>Public vis\u00e9 et pr\u00e9-requis<\/h1>\n<p>G\u00e9rants de structure \u00e9questre avec sol, porteurs de projet, particuliers g\u00e9rant leurs chevaux \u00e0 domicile.<\/p>\n<p>Cette formation n\u00e9cessite d&#8217;avoir acc\u00e8s \u00e0 un ordinateur avec une connexion \u00e0 internet pour les parties \u00e0 distance, ainsi que la possibilit\u00e9 de se connecter \u00e0 Zoom pour les visioconf\u00e9rences (entr\u00e9es et sorties audio et vid\u00e9o).<\/p>\n<p>La session de formation en pr\u00e9sentiel comporte une partie en salle avec projection d&#8217;un diaporama, et une partie en ext\u00e9rieur qui n\u00e9cessite de pouvoir se d\u00e9placer dans des prairies et sur les zones ext\u00e9rieures.<\/p>\n<h1>Formatrice<\/h1>\n<\/div>\n<\/div>\n<\/div>\n<p>La formation est assure\u0301e par <strong>Marie-Laure Gue\u0301not<\/strong>, de l\u2019entreprise TERRES ET CHEVAUX, agricultrice, designer d\u2019he\u0301bergements e\u0301quins, conseille\u0300re agricole spe\u0301cialise\u0301e en gestion agro- e\u0301cologique, et formatrice sur ces the\u0301matiques depuis 2014.<\/p>\n<h1>Programme de la formation<\/h1>\n<h2><span style=\"text-decoration: underline;\">Premi\u00e8re partie<\/span> : E-learning, 7 heures<\/h2>\n<p><strong>En asynchrone, du 16 mai au 15 juin 2025.\u00a0<\/strong><\/p>\n<p><span style=\"text-decoration: underline;\">Objectifs :\u00a0<\/span><\/p>\n<div class=\"page\" title=\"Page 4\">\n<div class=\"section\">\n<div class=\"layoutArea\">\n<div class=\"column\">\n<ol>\n<li>Connaitre les diffe\u0301rentes mesures de la <em>Charte pour le bien-e\u0302tre e\u0301quin<\/em>, leur signification et leurs implications pre\u0301cises.<\/li>\n<li>Connai\u0302tre les diffe\u0301rents types de nouveaux syste\u0300mes d&#8217;he\u0301bergement, leurs caracte\u0301ristiques et les raisons de leur e\u0301mergence. Savoir de\u0301terminer ce vers quoi l&#8217;on veut et l&#8217;on peut se diriger dans notre cas de figure, en matie\u0300re de mode d&#8217;he\u0301bergement.<\/li>\n<li>Connai\u0302tre et savoir utiliser diffe\u0301rents outils d&#8217;auto-e\u0301valuation de sa structure concernant le bien-e\u0302tre e\u0301quin. Re\u0301aliser une auto-e\u0301valuation de sa structure et de l&#8217;\u00e9tat de bien-\u00eatre des chevaux he\u0301berge\u0301s.<\/li>\n<\/ol>\n<h2><span style=\"text-decoration: underline;\">Deuxi\u00e8me partie<\/span> : Stage en pr\u00e9sentiel, 14 heures<\/h2>\n<p><strong>Les 16 et 17 juin 2025 \u00e0 Villefranche-de-Rouergue, dans l&#8217;Aveyron.\u00a0<\/strong><\/p>\n<p><span style=\"text-decoration: underline;\">Objectifs :\u00a0<\/span><\/p>\n<ol>\n<li>Connai\u0302tre les diffe\u0301rentes possibilite\u0301s d&#8217;ame\u0301nagements de l&#8217;he\u0301bergement e\u0301quin pour sa structure, e\u0302tre capable de faire des choix raisonne\u0301s parmi elles.<\/li>\n<li>E\u0302tre capable d&#8217;expliquer les choix re\u0301alise\u0301s aux clients et aux institutions (le cas \u00e9ch\u00e9ant), afin de pre\u0301senter les raisons et les objectifs d&#8217;e\u0301volution de sa structure.<\/li>\n<li>E\u0301tablir un projet d&#8217;ame\u0301lioration de sa structure et une feuille de route pour sa re\u0301alisation avec des jalons a\u0300 court, moyen et long termes :\n<ul>\n<li>Concevoir un plan d&#8217;ame\u0301lioration raisonne\u0301 de son syste\u0300me d&#8217;he\u0301bergement e\u0301quin.<\/li>\n<li>E\u0301laborer une feuille de route pour la re\u0301alisation du plan d&#8217;ame\u0301lioration avec des e\u0301tapes a\u0300 court, moyen et long termes.<\/li>\n<\/ul>\n<\/li>\n<\/ol>\n<h2><span style=\"text-decoration: underline;\">Troisi\u00e8me partie<\/span> : E-learning, 3 heures<\/h2>\n<p><strong>Visioconf\u00e9rence le 8 juillet 2025<br \/>\nExercice final \u00e0 rendre avant le 16 juillet.\u00a0<\/strong><\/p>\n<p><span style=\"text-decoration: underline;\">Objectifs :<\/span><\/p>\n<div class=\"page\" title=\"Page 7\">\n<div class=\"section\">\n<div class=\"layoutArea\">\n<div class=\"column\">\n<ol>\n<li>Savoir prendre du recul pour re\u0301viser, adapter, assouplir sa feuille de route d&#8217;ame\u0301lioration de l&#8217;he\u0301bergement e\u0301quin pour s&#8217;adapter aux ale\u0301as rencontre\u0301s ;<\/li>\n<li>Ancrer durablement les notions de\u0301ja\u0300 vues en les re\u0301visant a\u0300 l&#8217;e\u0301preuve de leur mise en place pendant une saison chez les participants.<\/li>\n<\/ol>\n<h1>Tarifs<\/h1>\n<h2>Cotisant\u00b7e\u00b7s VIVEA :<\/h2>\n<p>Une prise en charge est possible par le fonds de formation VIVEA sous r\u00e9serve d&#8217;\u00e9ligibilit\u00e9 (cotisations \u00e0 jour, cr\u00e9dits suffisants) et de la fourniture des \u00e9l\u00e9ments demand\u00e9s (fiche d&#8217;inscription \u00e0 remplir, attestation de droits, \u00e9margement lors des sessions), ainsi que de la validation de la formation par VIVEA.<span class=\"Apple-converted-space\">\u00a0<\/span><\/p>\n<p>NB : Le tarif des ressortissants VIVEA est fonction de leur grille tarifaire disponible sur leur site internet.<span class=\"Apple-converted-space\"> Pas de reste \u00e0 charge pour le stagiaire.\u00a0<\/span><\/p>\n<h2>Salari\u00e9\u00b7e\u00b7s agricoles et hors agricoles (OCAPIAT et autres OPCO) :<\/h2>\n<p>Pour les autres prises en charge (employeur, OCAPIAT, autre OPCO, CPF), voir directement avec l&#8217;organisme certifieur de la formation :\u00a0<a href=\"mailto:info@adpsa12.fr\">ADPSA12<\/a>.<\/p>\n<h2>Financement autonome :<\/h2>\n<h3>Formation compl\u00e8te 24 heures<\/h3>\n<p>Le co\u00fbt total d\u2019inscription \u00e0 la formation est de <strong>275 \u20ac<\/strong>.<\/p>\n<h3>Stage 14 heures uniquement<\/h3>\n<p>Il est possible pour les personnes en auto-financement de n&#8217;assister qu&#8217;\u00e0 la partie stage en pr\u00e9sentiel (sans les parties en e-learning), pour <strong>200 \u20ac<\/strong>.<\/p>\n<\/div>\n<\/div>\n<\/div>\n<\/div>\n<\/div>\n<\/div>\n<\/div>\n<\/div>\n<\/div>\n<\/div>\n<\/div>\n","protected":false},"excerpt":{"rendered":"<p>Formation mixte digitale.<\/p>\n<p>Dur\u00e9e totale de 24 heures :<\/p>\n<ul>\n<li>14 heures en pr\u00e9sentiel, les 16 et 17 juin 2025 \u00e0 Villefranche-de-Rouergue (Aveyron, 12)<\/li>\n<li>10 heures en e-learning r\u00e9parties avant le stage (pour le pr\u00e9parer), et apr\u00e8s (pour ancrer les notions mises en pratique).<\/li>\n<\/ul>\n<p>Formation prise en charge par Vivea et les autres OPCO sous r\u00e9serve d&#8217;\u00e9ligibilit\u00e9.<\/p>\n","protected":false},"featured_media":3609,"comment_status":"open","ping_status":"closed","template":"","meta":{"neve_meta_sidebar":"","neve_meta_container":"","neve_meta_enable_content_width":"off","neve_meta_content_width":100,"neve_meta_title_alignment":"","neve_meta_author_avatar":"","neve_post_elements_order":"","neve_meta_disable_header":"","neve_meta_disable_footer":"","neve_meta_disable_title":"","neve_meta_reading_time":"","_price":"","_stock":null,"_tribe_ticket_header":"","_tribe_default_ticket_provider":"","_tribe_ticket_capacity":"","_ticket_start_date":"","_ticket_end_date":"","_tribe_ticket_show_description":"","_tribe_ticket_show_not_going":false,"_tribe_ticket_use_global_stock":"","_tribe_ticket_global_stock_level":"","_global_stock_mode":"","_global_stock_cap":"","_tribe_rsvp_for_event":"","_tribe_ticket_going_count":"","_tribe_ticket_not_going_count":"","_tribe_tickets_list":"[]","_tribe_ticket_has_attendee_info_fields":false,"_tec_slr_enabled":"","_tec_slr_layout":""},"product_brand":[],"product_cat":[17,35,19],"product_tag":[69,52,53,54,55,25,26,31,68,70],"class_list":{"0":"post-3608","1":"product","2":"type-product","3":"status-publish","4":"has-post-thumbnail","6":"product_cat-ateliers","7":"product_cat-formation","8":"product_cat-presentiel","9":"product_tag-amelioration-decurie","10":"product_tag-ecurie-active","11":"product_tag-ecurie-dynamique","12":"product_tag-ecurie-ouverte","13":"product_tag-equi-parcours","14":"product_tag-equi-piste","15":"product_tag-formation","16":"product_tag-hebergement-equin","17":"product_tag-installation","18":"product_tag-transformation-decurie","20":"first","21":"instock","22":"shipping-taxable","23":"product-type-external"},"_links":{"self":[{"href":"https:\/\/www.terres-et-chevaux.fr\/WP\/wp-json\/wp\/v2\/product\/3608","targetHints":{"allow":["GET"]}}],"collection":[{"href":"https:\/\/www.terres-et-chevaux.fr\/WP\/wp-json\/wp\/v2\/product"}],"about":[{"href":"https:\/\/www.terres-et-chevaux.fr\/WP\/wp-json\/wp\/v2\/types\/product"}],"replies":[{"embeddable":true,"href":"https:\/\/www.terres-et-chevaux.fr\/WP\/wp-json\/wp\/v2\/comments?post=3608"}],"wp:featuredmedia":[{"embeddable":true,"href":"https:\/\/www.terres-et-chevaux.fr\/WP\/wp-json\/wp\/v2\/media\/3609"}],"wp:attachment":[{"href":"https:\/\/www.terres-et-chevaux.fr\/WP\/wp-json\/wp\/v2\/media?parent=3608"}],"wp:term":[{"taxonomy":"product_brand","embeddable":true,"href":"https:\/\/www.terres-et-chevaux.fr\/WP\/wp-json\/wp\/v2\/product_brand?post=3608"},{"taxonomy":"product_cat","embeddable":true,"href":"https:\/\/www.terres-et-chevaux.fr\/WP\/wp-json\/wp\/v2\/product_cat?post=3608"},{"taxonomy":"product_tag","embeddable":true,"href":"https:\/\/www.terres-et-chevaux.fr\/WP\/wp-json\/wp\/v2\/product_tag?post=3608"}],"curies":[{"name":"wp","href":"https:\/\/api.w.org\/{rel}","templated":true}]}}