{"id":3802,"date":"2025-10-02T18:58:03","date_gmt":"2025-10-02T16:58:03","guid":{"rendered":"https:\/\/www.terres-et-chevaux.fr\/WP\/?post_type=product&#038;p=3802"},"modified":"2026-04-28T20:02:07","modified_gmt":"2026-04-28T18:02:07","slug":"academie-de-lhabitat-equin","status":"publish","type":"product","link":"https:\/\/www.terres-et-chevaux.fr\/WP\/produit\/academie-de-lhabitat-equin\/","title":{"rendered":"L&#8217;Acad\u00e9mie de l&#8217;Habitat \u00c9quin"},"content":{"rendered":"<h3 style=\"text-align: center;\" data-start=\"279\" data-end=\"577\"><span style=\"color: #3366ff;\"><strong>** PROCHAINE SESSION : D\u00c9MARRAGE JUIN 2026 ** <\/strong><\/span><\/h3>\n<h3 style=\"text-align: center;\" data-start=\"279\" data-end=\"577\"><span style=\"color: #3366ff;\"><strong>LES INSCRIPTIONS SONT OUVERTES !\u00a0<\/strong><\/span><\/h3>\n<p style=\"text-align: center;\" data-start=\"279\" data-end=\"577\"><em>Vous r\u00eavez d\u2019offrir \u00e0 vos chevaux un mode de vie plus naturel, en ext\u00e9rieur et en groupe, tout en cr\u00e9ant une organisation pratique et durable ?<\/em><br data-start=\"422\" data-end=\"425\" \/><em>Vous avez un projet d\u2019\u00e9curie, ou vous souhaitez transformer vos installations actuelles ?<\/em><\/p>\n<p style=\"text-align: center;\" data-start=\"279\" data-end=\"577\">\ud83d\udc49 L\u2019<strong data-start=\"522\" data-end=\"553\">Acad\u00e9mie de l\u2019Habitat \u00c9quin<\/strong> est faite pour vous !<\/p>\n<hr data-start=\"579\" data-end=\"582\" \/>\n<h2 data-start=\"584\" data-end=\"612\">\ud83c\udfaf Les objectifs de l\u2019acad\u00e9mie<\/h2>\n<p data-start=\"613\" data-end=\"780\">En 12 chapitres, vous allez concevoir <strong data-start=\"650\" data-end=\"681\">un plan complet et r\u00e9aliste<\/strong> de votre syst\u00e8me d\u2019h\u00e9bergement \u00e9quin (<em>\u00e9curie active, \u00e9qui-piste, \u00e9quicentral<\/em>\u2026), incluant :<\/p>\n<ul data-start=\"781\" data-end=\"1018\">\n<li data-start=\"781\" data-end=\"808\">\n<p data-start=\"783\" data-end=\"808\">Un plan 2D \u00e0 l\u2019\u00e9chelle,<\/p>\n<\/li>\n<li data-start=\"809\" data-end=\"882\">\n<p data-start=\"811\" data-end=\"882\">Le choix des mat\u00e9riaux (stabilisation, cl\u00f4tures, abris, \u00e9quipements),<\/p>\n<\/li>\n<li data-start=\"883\" data-end=\"914\">\n<p data-start=\"885\" data-end=\"914\">L\u2019organisation des espaces,<\/p>\n<\/li>\n<li data-start=\"915\" data-end=\"953\">\n<p data-start=\"917\" data-end=\"953\">La gestion des groupes de chevaux,<\/p>\n<\/li>\n<li data-start=\"954\" data-end=\"1018\">\n<p data-start=\"956\" data-end=\"1018\">Les besoins humains et mat\u00e9riels pour l\u2019entretien quotidien&#8230;<\/p>\n<\/li>\n<\/ul>\n<p data-start=\"1020\" data-end=\"1130\">\u00c0 la fin du programme, vous repartez avec <strong data-start=\"1062\" data-end=\"1127\">un projet structur\u00e9, personnalis\u00e9 et pr\u00eat \u00e0 \u00eatre mis en \u0153uvre<\/strong>.<\/p>\n<hr data-start=\"1132\" data-end=\"1135\" \/>\n<h2 data-start=\"1137\" data-end=\"1166\">\ud83d\udda5\ufe0f Le format de la formation<\/h2>\n<ul data-start=\"1167\" data-end=\"1943\">\n<li data-start=\"1167\" data-end=\"1226\">\n<p data-start=\"1169\" data-end=\"1226\"><strong data-start=\"1169\" data-end=\"1192\">Dur\u00e9e : 12 semaines<\/strong> (prochaine session : <span style=\"text-decoration: underline;\">de juin \u00e0 ao\u00fbt 2026<\/span>)<\/p>\n<\/li>\n<li data-start=\"1227\" data-end=\"1279\">\n<p data-start=\"1229\" data-end=\"1279\"><strong data-start=\"1229\" data-end=\"1246\">100% en ligne<\/strong> : pas besoin de vous d\u00e9placer \ud83d\ude09<\/p>\n<\/li>\n<li data-start=\"1280\" data-end=\"1403\">\n<p data-start=\"1282\" data-end=\"1403\">Des <strong data-start=\"1282\" data-end=\"1325\">sessions collectives en visioconf\u00e9rence<\/strong> pour les expos\u00e9s techniques, des \u00e9changes, et des exercices dynamiques en petits groupes<\/p>\n<\/li>\n<li data-start=\"1404\" data-end=\"1496\">\n<p data-start=\"1406\" data-end=\"1496\">Un\u00a0 <strong data-start=\"1406\" data-end=\"1434\">travail individuel guid\u00e9<\/strong> sous forme d&#8217;exercices pratiques, croquis, r\u00e9flexions sur votre projet en suivant des \u00e9tapes progressives<\/p>\n<\/li>\n<li>Un <strong data-start=\"1617\" data-end=\"1635\">carnet de bord<\/strong>, v\u00e9ritable guide pratique \u00e0 compl\u00e9ter au fur et \u00e0 mesure, pour suivre vos progr\u00e8s et construire votre projet<\/li>\n<li data-start=\"1497\" data-end=\"1614\">\n<p data-start=\"1499\" data-end=\"1614\">Un <strong data-start=\"1499\" data-end=\"1528\">accompagnement individuel<\/strong> : une visio personnalis\u00e9e avec la formatrice pour r\u00e9pondre \u00e0 vos questions sp\u00e9cifiques, lorsque vous en avez besoin<\/p>\n<\/li>\n<li data-start=\"1741\" data-end=\"1842\">\n<p data-start=\"1743\" data-end=\"1842\">Une <strong data-start=\"1743\" data-end=\"1768\">communaut\u00e9 d\u2019entraide<\/strong> : des \u00e9changes entre les participant\u00b7es pour partager les exp\u00e9riences, les id\u00e9es, les avanc\u00e9es et les astuces<\/p>\n<\/li>\n<li data-start=\"1843\" data-end=\"1943\">\n<p data-start=\"1845\" data-end=\"1943\">Des <strong data-start=\"1845\" data-end=\"1879\">visios de suivi post-formation<\/strong> pour rester motiv\u00e9\u00b7es m\u00eame apr\u00e8s la formation et aller au bout de votre projet !<\/p>\n<\/li>\n<\/ul>\n<p><em>(&#8230;Et sans doute quelques surprises au fil des semaines de formation \ud83d\ude09 )\u00a0<\/em><\/p>\n<hr data-start=\"1945\" data-end=\"1948\" \/>\n<h2 data-start=\"1950\" data-end=\"1961\">\ud83d\udcdd Le programme<\/h2>\n<p><a href=\"https:\/\/www.terres-et-chevaux.fr\/WP\/courses\/academie-de-lhabitat-equin\" target=\"_blank\" rel=\"noopener\">https:\/\/www.terres-et-chevaux.fr\/WP\/courses\/academie-de-lhabitat-equin<\/a><\/p>\n<hr data-start=\"1945\" data-end=\"1948\" \/>\n<h2 data-start=\"1950\" data-end=\"1961\">\ud83d\udcc5 Les dates<\/h2>\n<h3>Session 2 : \u00e9t\u00e9 2026<\/h3>\n<ul>\n<li>D\u00e9marrage le <strong>1er juin 2026<\/strong><\/li>\n<li>Fin pr\u00e9vue le <strong>31 ao\u00fbt\u00a0<\/strong><\/li>\n<li>+ 2 s\u00e9ances de suivi apr\u00e8s la formation, en <strong>septembre<\/strong> et <strong>octobre<\/strong><\/li>\n<\/ul>\n<h3><del><span style=\"color: #999999;\">Session 1 : automne\/hiver 2025-2026<\/span><\/del><\/h3>\n<ul>\n<li><span style=\"color: #808080;\"><del>D\u00e9marrage le 3 novembre 2025\u00a0<\/del><\/span><\/li>\n<li><span style=\"color: #808080;\"><del>Fin pr\u00e9vue le 15 f\u00e9vrier 2026\u00a0<\/del><\/span><\/li>\n<li><span style=\"color: #808080;\"><del>+ 2 s\u00e9ances de suivi post formation\u00a0<\/del><\/span><\/li>\n<\/ul>\n<hr data-start=\"2124\" data-end=\"2127\" \/>\n<h2 data-start=\"1950\" data-end=\"1961\">\ud83d\ude4b\ud83c\udffb\u200d\u2640\ufe0f Les participants<\/h2>\n<ul data-start=\"1962\" data-end=\"2122\">\n<li data-start=\"2035\" data-end=\"2122\">\n<p data-start=\"2037\" data-end=\"2122\">Places limit\u00e9es \u00e0 <strong data-start=\"2055\" data-end=\"2074\">8 participant\u00b7es<\/strong> pour garantir un accompagnement personnalis\u00e9<\/p>\n<\/li>\n<li data-start=\"2035\" data-end=\"2122\">Profil :\n<ul data-start=\"1962\" data-end=\"2122\">\n<li data-start=\"2035\" data-end=\"2122\">Particulier\u00b7es d\u00e9tenteur\u00b7ices de chevaux<\/li>\n<li data-start=\"2035\" data-end=\"2122\">Professionnel\u00b7les d\u00e9j\u00e0 install\u00e9\u00b7es souhaitant modifier leur syst\u00e8me d&#8217;h\u00e9bergement<\/li>\n<li data-start=\"2035\" data-end=\"2122\">Porteur\u00b7euses de projet de structure \u00e9questre \u00e9co-g\u00e9r\u00e9e<\/li>\n<\/ul>\n<\/li>\n<\/ul>\n<hr data-start=\"2124\" data-end=\"2127\" \/>\n<h2 data-start=\"2129\" data-end=\"2140\">\ud83d\udcb0 Le tarif<\/h2>\n<ul data-start=\"2141\" data-end=\"2322\">\n<li data-start=\"2141\" data-end=\"2202\">\n<p data-start=\"2143\" data-end=\"2202\">Tarif :<strong data-start=\"2143\" data-end=\"2169\"> 780 \u20ac<\/strong>, soit 5 mensualit\u00e9s de 156 \u20ac chacune (acompte \u00e0 l&#8217;inscription + 4 mensualit\u00e9s ensuite)<\/p>\n<\/li>\n<li data-start=\"2203\" data-end=\"2322\">\n<p data-start=\"2205\" data-end=\"2322\"><strong data-start=\"2205\" data-end=\"2233\"><span style=\"text-decoration: underline;\">Tarif &#8220;<em>early bird<\/em>&#8221; -10% jusqu&#8217;au 30 avril<\/span> : 702 \u20ac<\/strong> (c&#8217;est-\u00e0-dire 5 mensualit\u00e9s de 140,40 \u20ac chacune, selon les m\u00eames modalit\u00e9s que ci-dessus)<\/p>\n<\/li>\n<\/ul>\n<hr data-start=\"2324\" data-end=\"2327\" \/>\n<h2 data-start=\"2329\" data-end=\"2351\">\ud83d\udc69\u200d\ud83c\udfeb La formatrice<\/h2>\n<p data-start=\"2352\" data-end=\"2697\">Je suis <strong>Marie-Laure Gu\u00e9not<\/strong>, conseill\u00e8re en agro-\u00e9cologie \u00e9quine et designer d&#8217;h\u00e9bergements \u00e9quins depuis 2014.\u00a0<br data-start=\"2449\" data-end=\"2452\" \/>Sp\u00e9cialiste de l\u2019am\u00e9nagement des espaces, j&#8217;accompagne les porteur\u00b7euses de projets d\u2019\u00e9curies et g\u00e9rant\u00b7es de structures \u00e0 concevoir des lieux respectueux du bien-\u00eatre des chevaux, efficaces pour les humains, et respectueuses de l&#8217;\u00e9cosyst\u00e8me.<\/p>\n<hr data-start=\"2699\" data-end=\"2702\" \/>\n<h2 data-start=\"2704\" data-end=\"2738\">\ud83d\ude80 Pr\u00eat\u00b7e \u00e0 passer \u00e0 l\u2019action ?<\/h2>\n<p data-start=\"2739\" data-end=\"2830\">Cliquez sur <strong data-start=\"2751\" data-end=\"2776\">\u00ab Ajouter au panier \u00bb<\/strong> pour r\u00e9server votre place et rejoindre l\u2019aventure !<\/p>\n<p data-start=\"2832\" data-end=\"2911\"><em data-start=\"2832\" data-end=\"2909\">(Attention : nombre de places limit\u00e9 \u00e0 8 participant\u00b7es pour cette session)<\/em><\/p>\n","protected":false},"excerpt":{"rendered":"<h5 style=\"text-align: center;\" data-start=\"279\" data-end=\"577\"><span style=\"color: #3366ff;\"><strong>** PROCHAINE SESSION : D\u00c9MARRAGE JUIN 2026 ** <\/strong><\/span><\/h5>\n<h5 style=\"text-align: center;\" data-start=\"279\" data-end=\"577\"><span style=\"color: #3366ff;\"><strong>LES PR\u00c9-INSCRIPTIONS SONT OUVERTES !\u00a0<\/strong><\/span><\/h5>\n<p data-start=\"95\" data-end=\"403\"><strong data-start=\"95\" data-end=\"126\">Acad\u00e9mie de l\u2019Habitat \u00c9quin<\/strong><br data-start=\"126\" data-end=\"129\" \/>Un parcours de 12 semaines pour concevoir ou transformer votre \u00e9curie vers un mod\u00e8le plus durable et respectueux du cheval.<\/p>\n<ul>\n<li data-start=\"95\" data-end=\"403\">12 modules th\u00e9matiques + 1 accompagnement personnalis\u00e9<\/li>\n<li data-start=\"95\" data-end=\"403\">Exercices et outils pratiques<\/li>\n<li data-start=\"95\" data-end=\"403\">Carnet de bord pour vous accompagner<\/li>\n<li data-start=\"95\" data-end=\"403\">\u00c9changes et enrichissement collectif<\/li>\n<li data-start=\"95\" data-end=\"403\">Suivi post-formation inclus<\/li>\n<\/ul>\n","protected":false},"featured_media":3803,"comment_status":"open","ping_status":"closed","template":"","meta":{"neve_meta_sidebar":"","neve_meta_container":"","neve_meta_enable_content_width":"off","neve_meta_content_width":100,"neve_meta_title_alignment":"","neve_meta_author_avatar":"","neve_post_elements_order":"","neve_meta_disable_header":"","neve_meta_disable_footer":"","neve_meta_disable_title":"","neve_meta_reading_time":"","_price":"702","_stock":"","_tribe_ticket_header":"","_tribe_default_ticket_provider":"","_tribe_ticket_capacity":"","_ticket_start_date":"","_ticket_end_date":"","_tribe_ticket_show_description":"","_tribe_ticket_show_not_going":false,"_tribe_ticket_use_global_stock":"","_tribe_ticket_global_stock_level":"","_global_stock_mode":"","_global_stock_cap":"","_tribe_rsvp_for_event":"","_tribe_ticket_going_count":"","_tribe_ticket_not_going_count":"","_tribe_tickets_list":"[]","_tribe_ticket_has_attendee_info_fields":false,"_tec_slr_enabled":"","_tec_slr_layout":""},"product_brand":[],"product_cat":[34,24,35,23],"product_tag":[],"class_list":{"0":"post-3802","1":"product","2":"type-product","3":"status-publish","4":"has-post-thumbnail","6":"product_cat-design","7":"product_cat-distanciel","8":"product_cat-formation","9":"product_cat-programmes-video","11":"first","12":"instock","13":"sale","14":"virtual","15":"sold-individually","16":"purchasable","17":"product-type-course"},"_links":{"self":[{"href":"https:\/\/www.terres-et-chevaux.fr\/WP\/wp-json\/wp\/v2\/product\/3802","targetHints":{"allow":["GET"]}}],"collection":[{"href":"https:\/\/www.terres-et-chevaux.fr\/WP\/wp-json\/wp\/v2\/product"}],"about":[{"href":"https:\/\/www.terres-et-chevaux.fr\/WP\/wp-json\/wp\/v2\/types\/product"}],"replies":[{"embeddable":true,"href":"https:\/\/www.terres-et-chevaux.fr\/WP\/wp-json\/wp\/v2\/comments?post=3802"}],"wp:featuredmedia":[{"embeddable":true,"href":"https:\/\/www.terres-et-chevaux.fr\/WP\/wp-json\/wp\/v2\/media\/3803"}],"wp:attachment":[{"href":"https:\/\/www.terres-et-chevaux.fr\/WP\/wp-json\/wp\/v2\/media?parent=3802"}],"wp:term":[{"taxonomy":"product_brand","embeddable":true,"href":"https:\/\/www.terres-et-chevaux.fr\/WP\/wp-json\/wp\/v2\/product_brand?post=3802"},{"taxonomy":"product_cat","embeddable":true,"href":"https:\/\/www.terres-et-chevaux.fr\/WP\/wp-json\/wp\/v2\/product_cat?post=3802"},{"taxonomy":"product_tag","embeddable":true,"href":"https:\/\/www.terres-et-chevaux.fr\/WP\/wp-json\/wp\/v2\/product_tag?post=3802"}],"curies":[{"name":"wp","href":"https:\/\/api.w.org\/{rel}","templated":true}]}}