{"id":937,"date":"2022-09-05T09:29:45","date_gmt":"2022-09-05T07:29:45","guid":{"rendered":"https:\/\/www.terres-et-chevaux.fr\/WP\/?post_type=product&#038;p=937"},"modified":"2024-09-09T12:25:43","modified_gmt":"2024-09-09T10:25:43","slug":"conseil-en-creation-de-structure-equestre","status":"publish","type":"product","link":"https:\/\/www.terres-et-chevaux.fr\/WP\/produit\/conseil-en-creation-de-structure-equestre\/","title":{"rendered":"Conseil en cr\u00e9ation de structure \u00e9questre"},"content":{"rendered":"<h2 style=\"text-align: center;\">Vos objectifs<\/h2>\n<p>Vous avez un projet d\u2019installation \u00e9questre et vous souhaitez d\u00e9finir plus pr\u00e9cis\u00e9ment vos besoins ?<\/p>\n<p><span style=\"font-family: -apple-system, BlinkMacSystemFont, 'Segoe UI', Roboto, Oxygen-Sans, Ubuntu, Cantarell, 'Helvetica Neue', sans-serif;\">Nous \u00e9tudions votre demande particuli\u00e8re, et nous vous accompagnons dans l&#8217;\u00e9laboration d&#8217;un projet d&#8217;\u00e9curie sur mesure, adapt\u00e9 \u00e0 vos souhaits, aux besoins de vos chevaux et \u00e0 l&#8217;environnement dans lequel vous vous ins\u00e9rerez, assorti d&#8217;un document explicatif vous apportant des r\u00e9ponses concr\u00e8tes adapt\u00e9es \u00e0 sa mise en \u0153uvre.\u00a0<\/span><\/p>\n<h2 style=\"text-align: center;\">Le d\u00e9roulement<\/h2>\n<ul>\n<li>Nous vous envoyons un questionnaire de recueil d\u2019informations \u00e0 distance et nous pr\u00e9voyons d\u2019un temps d\u2019\u00e9change en visio.<\/li>\n<li>Nous d\u00e9terminons ensemble l\u2019objet de la prestation :\n<ul>\n<li>Quel type d&#8217;h\u00e9bergement choisir en fonction de la client\u00e8le vis\u00e9e et des crit\u00e8res de bien-\u00eatre \u00e9quin ?<\/li>\n<li>De quelle surface aurai-je besoin pour \u00eatre autonome en herbe \/ en foin ?<\/li>\n<li>Quel sera mon statut administratif en fonction de mes activit\u00e9s, quelles sont les d\u00e9marches \u00e0 pr\u00e9voir ?<\/li>\n<li>Comment organiser mon emploi du temps pour \u00eatre efficace ?<\/li>\n<li>Quel mat\u00e9riel d&#8217;\u00e9curie utiliser en fonction de mes besoins sp\u00e9cifiques ?<\/li>\n<\/ul>\n<\/li>\n<li>Nous \u00e9tudions votre situation en fonction des informations fournies, et nous vous remettons un document de synth\u00e8se comprenant un descriptif d\u00e9taill\u00e9 de chacun des \u00e9l\u00e9ments permettant de r\u00e9pondre \u00e0 votre probl\u00e9matique.<\/li>\n<li>Nous convenons d\u2019un nouveau rendez-vous en visio, afin de r\u00e9pondre \u00e0 vos questions sur la synth\u00e8se fournie.<\/li>\n<\/ul>\n<p>(*) La visite sur site fera l&#8217;objet d&#8217;une note de frais de d\u00e9placement suppl\u00e9mentaire selon les taux en vigueur.<\/p>\n<h2 style=\"text-align: center;\">Ce que vous obtenez<\/h2>\n<ul>\n<li>Un accompagnement professionnel pour vous guider dans vos choix de cr\u00e9ation d&#8217;entreprise, ainsi que dans vos choix commerciaux et dans l&#8217;organisation de votre \u00e9curie, en fonction de vos envies, pour assurer le bien-\u00eatre de vos chevaux ainsi que le v\u00f4tre, dans le respect de l&#8217;\u00e9cosyst\u00e8me.<\/li>\n<li>Un document explicatif qui peut \u00eatre utilis\u00e9 en tant que feuille de route pour la cr\u00e9ation de votre entreprise.<\/li>\n<\/ul>\n<p>NB : Cette \u00e9tude peut \u00eatre int\u00e9gr\u00e9e dans une \u00e9tude plus compl\u00e8te dans le cadre d&#8217;une prestation &#8220;grand format&#8221;.<\/p>\n<h2 style=\"text-align: center;\">Des questions ?<\/h2>\n<p>Vous pouvez prendre rendez-vous pour un entretien <a href=\"https:\/\/calendly.com\/terres-et-chevaux\/rendez-vous\">en cliquant ici<\/a>, ou nous envoyer directement vos questions en remplissant le formulaire suivant, nous y r\u00e9pondrons avec plaisir.<\/p>\n<p>[contact-form][contact-field label=&#8221;Nom&#8221; type=&#8221;name&#8221; required=&#8221;true&#8221; \/][contact-field label=&#8221;E-mail&#8221; type=&#8221;email&#8221; required=&#8221;true&#8221; \/][contact-field label=&#8221;Site web&#8221; type=&#8221;url&#8221; \/][contact-field label=&#8221;Message&#8221; type=&#8221;textarea&#8221; \/][\/contact-form]<\/p>\n<p>&nbsp;<\/p>\n","protected":false},"excerpt":{"rendered":"<h2>Accompagnement \u00e0 la cr\u00e9ation d&#8217;une infrastructure \u00e9questre :<\/h2>\n<ul>\n<li>Un accompagnement professionnel pour vous guider dans vos choix de cr\u00e9ation d&#8217;entreprise, ainsi que dans vos choix commerciaux et dans l&#8217;organisation de votre \u00e9curie, en fonction de vos envies, pour assurer le bien-\u00eatre de vos chevaux ainsi que le v\u00f4tre, dans le respect de l&#8217;\u00e9cosyst\u00e8me.<\/li>\n<li>Un document explicatif qui peut \u00eatre utilis\u00e9 en tant que feuille de route pour la cr\u00e9ation de votre entreprise.<\/li>\n<\/ul>\n","protected":false},"featured_media":939,"comment_status":"open","ping_status":"closed","template":"","meta":{"neve_meta_sidebar":"","neve_meta_container":"","neve_meta_enable_content_width":"off","neve_meta_content_width":100,"neve_meta_title_alignment":"","neve_meta_author_avatar":"","neve_post_elements_order":"","neve_meta_disable_header":"","neve_meta_disable_footer":"","neve_meta_disable_title":"","neve_meta_reading_time":"","_price":"","_stock":null,"_tribe_ticket_header":"","_tribe_default_ticket_provider":"","_tribe_ticket_capacity":"","_ticket_start_date":"","_ticket_end_date":"","_tribe_ticket_show_description":"","_tribe_ticket_show_not_going":false,"_tribe_ticket_use_global_stock":"","_tribe_ticket_global_stock_level":"","_global_stock_mode":"","_global_stock_cap":"","_tribe_rsvp_for_event":"","_tribe_ticket_going_count":"","_tribe_ticket_not_going_count":"","_tribe_tickets_list":"[]","_tribe_ticket_has_attendee_info_fields":false,"_tec_slr_enabled":"","_tec_slr_layout":""},"product_brand":[],"product_cat":[18,30],"product_tag":[33,59,27,67,68],"class_list":{"0":"post-937","1":"product","2":"type-product","3":"status-publish","4":"has-post-thumbnail","6":"product_cat-agro-ecologie","7":"product_cat-conseil","8":"product_tag-accompagnement","9":"product_tag-agro-ecologie","10":"product_tag-conseil","11":"product_tag-creation-decurie","12":"product_tag-installation","14":"first","15":"instock","16":"virtual","17":"product-type-simple"},"_links":{"self":[{"href":"https:\/\/www.terres-et-chevaux.fr\/WP\/wp-json\/wp\/v2\/product\/937","targetHints":{"allow":["GET"]}}],"collection":[{"href":"https:\/\/www.terres-et-chevaux.fr\/WP\/wp-json\/wp\/v2\/product"}],"about":[{"href":"https:\/\/www.terres-et-chevaux.fr\/WP\/wp-json\/wp\/v2\/types\/product"}],"replies":[{"embeddable":true,"href":"https:\/\/www.terres-et-chevaux.fr\/WP\/wp-json\/wp\/v2\/comments?post=937"}],"wp:featuredmedia":[{"embeddable":true,"href":"https:\/\/www.terres-et-chevaux.fr\/WP\/wp-json\/wp\/v2\/media\/939"}],"wp:attachment":[{"href":"https:\/\/www.terres-et-chevaux.fr\/WP\/wp-json\/wp\/v2\/media?parent=937"}],"wp:term":[{"taxonomy":"product_brand","embeddable":true,"href":"https:\/\/www.terres-et-chevaux.fr\/WP\/wp-json\/wp\/v2\/product_brand?post=937"},{"taxonomy":"product_cat","embeddable":true,"href":"https:\/\/www.terres-et-chevaux.fr\/WP\/wp-json\/wp\/v2\/product_cat?post=937"},{"taxonomy":"product_tag","embeddable":true,"href":"https:\/\/www.terres-et-chevaux.fr\/WP\/wp-json\/wp\/v2\/product_tag?post=937"}],"curies":[{"name":"wp","href":"https:\/\/api.w.org\/{rel}","templated":true}]}}