{"id":4745,"date":"2026-04-28T19:51:01","date_gmt":"2026-04-28T17:51:01","guid":{"rendered":"https:\/\/www.terres-et-chevaux.fr\/WP\/?post_type=tribe_events&#038;p=4745"},"modified":"2026-04-28T19:56:46","modified_gmt":"2026-04-28T17:56:46","slug":"lacademie-de-lhabitat-equin","status":"publish","type":"tribe_events","link":"https:\/\/www.terres-et-chevaux.fr\/WP\/evenement\/lacademie-de-lhabitat-equin\/","title":{"rendered":"L\u2019Acad\u00e9mie de l\u2019Habitat \u00c9quin \u2022 Session 2"},"content":{"rendered":"<p style=\"text-align: center;\" data-start=\"279\" data-end=\"577\"><em>Vous r\u00eavez d\u2019offrir \u00e0 vos chevaux un mode de vie plus naturel, en ext\u00e9rieur et en groupe,<br \/>\ntout en cr\u00e9ant une organisation pratique et durable ?\u00a0<\/em><br data-start=\"422\" data-end=\"425\" \/><em>Vous avez un projet d\u2019\u00e9curie, ou vous souhaitez transformer vos installations actuelles ?<\/em><\/p>\n<p style=\"text-align: center;\" data-start=\"279\" data-end=\"577\"><img decoding=\"async\" class=\"emoji\" role=\"img\" draggable=\"false\" src=\"https:\/\/s.w.org\/images\/core\/emoji\/17.0.2\/svg\/1f449.svg\" alt=\"\ud83d\udc49\" \/>\u00a0<strong>L\u2019Acad\u00e9mie de l\u2019Habitat \u00c9quin<\/strong>\u00a0est faite pour vous !<\/p>\n<hr data-start=\"579\" data-end=\"582\" \/>\n<h3 data-start=\"584\" data-end=\"612\"><img decoding=\"async\" class=\"emoji\" role=\"img\" draggable=\"false\" src=\"https:\/\/s.w.org\/images\/core\/emoji\/17.0.2\/svg\/1f3af.svg\" alt=\"\ud83c\udfaf\" \/>\u00a0Les objectifs de l\u2019acad\u00e9mie<\/h3>\n<p data-start=\"613\" data-end=\"780\">En 12 chapitres, vous allez concevoir\u00a0<strong data-start=\"650\" data-end=\"681\">un plan complet et r\u00e9aliste<\/strong>\u00a0de votre syst\u00e8me d\u2019h\u00e9bergement \u00e9quin (<em>\u00e9curie active, \u00e9qui-piste, \u00e9quicentral<\/em>\u2026), incluant :<\/p>\n<ul>\n<li data-start=\"613\" data-end=\"780\">Un plan 2D \u00e0 l&#8217;\u00e9chelle,<\/li>\n<li data-start=\"613\" data-end=\"780\">Le choix des mat\u00e9riaux (stabilisation, cl\u00f4tures, abris, \u00e9quipements&#8230;),<\/li>\n<li data-start=\"613\" data-end=\"780\">L&#8217;organisation des espaces,<\/li>\n<li data-start=\"613\" data-end=\"780\">La gestion des groupes de chevaux,<\/li>\n<li data-start=\"613\" data-end=\"780\">Les besoins humains et mat\u00e9riels pour l&#8217;entretien quotidien&#8230;<\/li>\n<\/ul>\n<p data-start=\"1020\" data-end=\"1130\">\u00c0 la fin du programme, vous repartez avec\u00a0<strong data-start=\"1062\" data-end=\"1127\">un projet structur\u00e9, personnalis\u00e9 et pr\u00eat \u00e0 \u00eatre mis en \u0153uvre<\/strong>.<\/p>\n<hr data-start=\"1132\" data-end=\"1135\" \/>\n<h3 data-start=\"1137\" data-end=\"1166\"><img decoding=\"async\" class=\"emoji\" role=\"img\" draggable=\"false\" src=\"https:\/\/s.w.org\/images\/core\/emoji\/17.0.2\/svg\/1f5a5.svg\" alt=\"\ud83d\udda5\ufe0f\" \/>\u00a0Le format de la formation<\/h3>\n<ul>\n<li>Dur\u00e9e : <strong>12 semaines<\/strong> (de juin \u00e0 ao\u00fbt 2026)<\/li>\n<li><strong>100% en ligne<\/strong> : pas besoin de vous d\u00e9placer <img decoding=\"async\" class=\"emoji\" role=\"img\" draggable=\"false\" src=\"https:\/\/s.w.org\/images\/core\/emoji\/17.0.2\/svg\/1f609.svg\" alt=\"\ud83d\ude09\" \/><\/li>\n<li>Des <strong>sessions collectives en visioconf\u00e9rence<\/strong> pour des expos\u00e9s techniques, des \u00e9changes, et des exercices dynamiques en petits groupes<\/li>\n<li>Un <strong>travail individuel guid\u00e9<\/strong> sous forme d&#8217;exercices pratiques, croquis, r\u00e9flexions sur votre projet en suivant des \u00e9tapes progressives<\/li>\n<li>Un <strong>carnet de bord<\/strong>, v\u00e9ritable guide pratique \u00e0 compl\u00e9ter au fur et \u00e0 mesure, pour suivre vos progr\u00e8s et construire votre projet<\/li>\n<li>Un <strong>accompagnement individuel<\/strong> : une visio personnalis\u00e9e avec la formatrice pour r\u00e9pondre \u00e0 vos questions sp\u00e9cifiques, lorsque vous en avez besoin<\/li>\n<li>Une <strong>communaut\u00e9 d&#8217;entraide<\/strong> : des \u00e9changes entre les participant\u00b7es pour partager les exp\u00e9riences, les id\u00e9es, les avanc\u00e9es et les astuces<\/li>\n<li>Des <strong>visios de suivi post-formation<\/strong> pour rester motiv\u00e9\u00b7es m\u00eame apr\u00e8s la fin de la formation, et aller au bout de votre projet !<\/li>\n<\/ul>\n<p><em>(\u2026Et sans doute quelques surprises au fil des semaines de formation\u00a0<img decoding=\"async\" class=\"emoji\" role=\"img\" draggable=\"false\" src=\"https:\/\/s.w.org\/images\/core\/emoji\/17.0.2\/svg\/1f609.svg\" alt=\"\ud83d\ude09\" \/>\u00a0)\u00a0<\/em><\/p>\n<hr data-start=\"1945\" data-end=\"1948\" \/>\n<h3 data-start=\"1950\" data-end=\"1961\"><img decoding=\"async\" class=\"emoji\" role=\"img\" draggable=\"false\" src=\"https:\/\/s.w.org\/images\/core\/emoji\/17.0.2\/svg\/1f4dd.svg\" alt=\"\ud83d\udcdd\" \/>\u00a0Le programme<\/h3>\n<p><a href=\"https:\/\/www.terres-et-chevaux.fr\/WP\/courses\/academie-de-lhabitat-equin\" target=\"_blank\" rel=\"noopener\">https:\/\/www.terres-et-chevaux.fr\/WP\/courses\/academie-de-lhabitat-equin<\/a><\/p>\n<hr data-start=\"1945\" data-end=\"1948\" \/>\n<h3 data-start=\"1950\" data-end=\"1961\"><img decoding=\"async\" class=\"emoji\" role=\"img\" draggable=\"false\" src=\"https:\/\/s.w.org\/images\/core\/emoji\/17.0.2\/svg\/1f4c5.svg\" alt=\"\ud83d\udcc5\" \/> Les dates \u2022 Session 2, \u00e9t\u00e9 2026<\/h3>\n<ul>\n<li>D\u00e9marrage le <strong>1er juin 2026\u00a0<\/strong><\/li>\n<li>Fin pr\u00e9vue le <strong>31 ao\u00fbt 2026\u00a0<\/strong><\/li>\n<li>+ 2 s\u00e9ances de suivi apr\u00e8s la fin de la formation, en <strong>septembre et octobre 2026\u00a0<\/strong><\/li>\n<\/ul>\n<hr data-start=\"2124\" data-end=\"2127\" \/>\n<h3 data-start=\"1950\" data-end=\"1961\"><img decoding=\"async\" class=\"emoji\" role=\"img\" draggable=\"false\" src=\"https:\/\/s.w.org\/images\/core\/emoji\/17.0.2\/svg\/1f64b-1f3fb-200d-2640-fe0f.svg\" alt=\"\ud83d\ude4b\ud83c\udffb\u200d\u2640\ufe0f\" \/> Les participant\u00b7es<\/h3>\n<p>Places limit\u00e9es \u00e0 <strong>8 personnes<\/strong> pour garantir un accompagnement personnalis\u00e9<\/p>\n<p><span style=\"text-decoration: underline;\">Profil :\u00a0<\/span><\/p>\n<ul>\n<li>Particulier\u00b7es d\u00e9tenteur\u00b7ices de chevaux<\/li>\n<li>Professionnel\u00b7les d\u00e9j\u00e0 install\u00e9\u00b7es souhaitant modifier leur syst\u00e8me d\u2019h\u00e9bergement<\/li>\n<li>Porteur\u00b7euses de projet de structure \u00e9questre \u00e9co-g\u00e9r\u00e9e<\/li>\n<\/ul>\n<hr data-start=\"2124\" data-end=\"2127\" \/>\n<h3 data-start=\"2129\" data-end=\"2140\"><img decoding=\"async\" class=\"emoji\" role=\"img\" draggable=\"false\" src=\"https:\/\/s.w.org\/images\/core\/emoji\/17.0.2\/svg\/1f4b0.svg\" alt=\"\ud83d\udcb0\" \/> Le tarif<\/h3>\n<p>780\u20ac, soit <strong>5 mensualit\u00e9s de 156\u20ac <\/strong>chacune (acompte \u00e0 l&#8217;inscription + 4 mensualit\u00e9s ensuite)<\/p>\n<p><span style=\"color: #008000;\"><strong>Tarif &#8220;<em>early bird<\/em>&#8220;<\/strong> : -10% pour une inscription avant le 10 mai : 702\u20ac au total, soit <strong>5 mensualit\u00e9 de 140,40\u20ac<\/strong> chacune, selon les m\u00eames modalit\u00e9s que ci-dessus<\/span><\/p>\n<hr data-start=\"2324\" data-end=\"2327\" \/>\n<h3 data-start=\"2329\" data-end=\"2351\"><img decoding=\"async\" class=\"emoji\" role=\"img\" draggable=\"false\" src=\"https:\/\/s.w.org\/images\/core\/emoji\/17.0.2\/svg\/1f469-200d-1f3eb.svg\" alt=\"\ud83d\udc69\u200d\ud83c\udfeb\" \/>\u00a0La formatrice<\/h3>\n<p data-start=\"2352\" data-end=\"2697\">Je suis\u00a0<strong>Marie-Laure Gu\u00e9not<\/strong>, conseill\u00e8re en agro-\u00e9cologie \u00e9quine et designer d\u2019h\u00e9bergements \u00e9quins depuis 2014.\u00a0<br data-start=\"2449\" data-end=\"2452\" \/>Sp\u00e9cialiste de l\u2019am\u00e9nagement des espaces, j\u2019accompagne les porteur\u00b7euses de projets d\u2019\u00e9curies et g\u00e9rant\u00b7es de structures \u00e0 concevoir des lieux respectueux du bien-\u00eatre des chevaux, efficaces pour les humains, et respectueuses de l\u2019\u00e9cosyst\u00e8me.<\/p>\n<hr data-start=\"2699\" data-end=\"2702\" \/>\n<h3 data-start=\"2704\" data-end=\"2738\"><img decoding=\"async\" class=\"emoji\" role=\"img\" draggable=\"false\" src=\"https:\/\/s.w.org\/images\/core\/emoji\/17.0.2\/svg\/1f680.svg\" alt=\"\ud83d\ude80\" \/>\u00a0Pr\u00eat\u00b7e \u00e0 passer \u00e0 l\u2019action ?<\/h3>\n<p data-start=\"2832\" data-end=\"2911\">Inscription ici : <a href=\"https:\/\/www.terres-et-chevaux.fr\/WP\/produit\/academie-de-lhabitat-equin\/\" target=\"_blank\" rel=\"noopener\">https:\/\/www.terres-et-chevaux.fr\/WP\/produit\/academie-de-lhabitat-equin\/<\/a><\/p>\n","protected":false},"excerpt":{"rendered":"<p>Vous r\u00eavez d\u2019offrir \u00e0 vos chevaux un mode de vie plus naturel, en ext\u00e9rieur et en groupe, tout en cr\u00e9ant une organisation pratique et durable ?\u00a0Vous avez un projet d\u2019\u00e9curie,&hellip;&nbsp;<a href=\"https:\/\/www.terres-et-chevaux.fr\/WP\/evenement\/lacademie-de-lhabitat-equin\/\" class=\"\" rel=\"bookmark\">Read More &raquo;<span class=\"screen-reader-text\">L\u2019Acad\u00e9mie de l\u2019Habitat \u00c9quin \u2022 Session 2<\/span><\/a><\/p>\n","protected":false},"author":1,"featured_media":3803,"template":"","meta":{"neve_meta_sidebar":"","neve_meta_container":"","neve_meta_enable_content_width":"","neve_meta_content_width":0,"neve_meta_title_alignment":"","neve_meta_author_avatar":"","neve_post_elements_order":"","neve_meta_disable_header":"","neve_meta_disable_footer":"","neve_meta_disable_title":"","neve_meta_reading_time":"","_price":"","_stock":"","_tribe_ticket_header":"","_tribe_default_ticket_provider":"TEC\\Tickets\\Commerce\\Module","_tribe_ticket_capacity":"0","_ticket_start_date":"","_ticket_end_date":"","_tribe_ticket_show_description":"","_tribe_ticket_show_not_going":false,"_tribe_ticket_use_global_stock":"","_tribe_ticket_global_stock_level":"","_global_stock_mode":"","_global_stock_cap":"","_tribe_rsvp_for_event":"","_tribe_ticket_going_count":"","_tribe_ticket_not_going_count":"","_tribe_tickets_list":"[]","_tribe_ticket_has_attendee_info_fields":false,"_tribe_events_status":"","_tribe_events_status_reason":"","footnotes":"","_tec_slr_enabled":"","_tec_slr_layout":""},"tags":[98,122,96,97,101,99,100,107],"tribe_events_cat":[121,118,117],"class_list":["post-4745","tribe_events","type-tribe_events","status-publish","has-post-thumbnail","hentry","tag-3f","tag-a-distance","tag-bien-etre-equin","tag-ecurie","tag-forage","tag-freedom","tag-friends","tag-hebergement","tribe_events_cat-a-distance","tribe_events_cat-bien-etre-equin","tribe_events_cat-hebergement","cat_a-distance","cat_bien-etre-equin","cat_hebergement"],"ticketed":false,"_links":{"self":[{"href":"https:\/\/www.terres-et-chevaux.fr\/WP\/wp-json\/wp\/v2\/tribe_events\/4745","targetHints":{"allow":["GET"]}}],"collection":[{"href":"https:\/\/www.terres-et-chevaux.fr\/WP\/wp-json\/wp\/v2\/tribe_events"}],"about":[{"href":"https:\/\/www.terres-et-chevaux.fr\/WP\/wp-json\/wp\/v2\/types\/tribe_events"}],"author":[{"embeddable":true,"href":"https:\/\/www.terres-et-chevaux.fr\/WP\/wp-json\/wp\/v2\/users\/1"}],"version-history":[{"count":7,"href":"https:\/\/www.terres-et-chevaux.fr\/WP\/wp-json\/wp\/v2\/tribe_events\/4745\/revisions"}],"predecessor-version":[{"id":4752,"href":"https:\/\/www.terres-et-chevaux.fr\/WP\/wp-json\/wp\/v2\/tribe_events\/4745\/revisions\/4752"}],"wp:featuredmedia":[{"embeddable":true,"href":"https:\/\/www.terres-et-chevaux.fr\/WP\/wp-json\/wp\/v2\/media\/3803"}],"wp:attachment":[{"href":"https:\/\/www.terres-et-chevaux.fr\/WP\/wp-json\/wp\/v2\/media?parent=4745"}],"wp:term":[{"taxonomy":"post_tag","embeddable":true,"href":"https:\/\/www.terres-et-chevaux.fr\/WP\/wp-json\/wp\/v2\/tags?post=4745"},{"taxonomy":"tribe_events_cat","embeddable":true,"href":"https:\/\/www.terres-et-chevaux.fr\/WP\/wp-json\/wp\/v2\/tribe_events_cat?post=4745"}],"curies":[{"name":"wp","href":"https:\/\/api.w.org\/{rel}","templated":true}]}}